{"id":699,"date":"2022-05-24T14:01:24","date_gmt":"2022-05-24T12:01:24","guid":{"rendered":"https:\/\/gender-planning.lva.tuwien.ac.at\/?page_id=699"},"modified":"2023-11-30T15:58:49","modified_gmt":"2023-11-30T13:58:49","slug":"femistische-raumaneignung-politische-interventionen-im-oeffentlichen-raum","status":"publish","type":"page","link":"https:\/\/gender-planning.lva.tuwien.ac.at\/index.php\/femistische-raumaneignung-politische-interventionen-im-oeffentlichen-raum\/","title":{"rendered":"Feministische Raumaneignung \u2013 Politische Interventionen im \u00f6ffentlichen Raum (2022S)"},"content":{"rendered":"\n<p>Der \u00f6ffentliche Raum ist von Macht, Herrschaftsverh\u00e4ltnissen und Normen durchzogenen. Die Lehrveranstaltung besch\u00e4ftigt sich mit feministischer Raumaneignung und sucht nach kreativen M\u00f6glichkeiten der Neuordnung. Die M\u00f6glichkeiten der selbstbestimmten Produktion eines feministischen, sozialen Raumes steht im Fokus.<\/p>\n\n\n\n<p>Die Studierenden sollen jeweils allein oder in Gruppen ein Projekt in Form einer Aktion, einer Performance oder einer anderen Form der Intervention im \u00d6ffentlichen Raum planen. Dabei sollte der Raum so genutzt, bespielt oder umgestaltet werden, dass er einer gendergerechten Planung entspricht. Es k\u00f6nnen auch Aktionen sein, die aktiv auf die (gender)Ungerechtigkeit in der Stadt hinweisen. Ziel ist es, sich \u00d6ffentlichen Raum anzueignen!<\/p>\n\n\n\n<h5 class=\"wp-block-heading\"><br>Lehrendenteam<\/h5>\n\n\n\n<p>Petra Hirschler | Sabina Ri\u00df | Emma Neuner (Tutorin) | Eileen Stephan  (Tutorin)<\/p>\n\n\n\n<h5 class=\"wp-block-heading\"><br>Studierende<\/h5>\n\n\n\n<p>Leonie David | Viktoria Gabriel | Angelique Hallmann | Larissa Hollub | Stine Janning | Arthur Kammerhofer | Marie Mense | Christiana Rath | Tino Sambleben | Julia Simhandl | Antonia Skenderovic | Maria Stepan | Oliver St\u00f6ckigt | Michelle Tibad | Paula von Krosigk | Daniel Wally | Valentina Witt<\/p>\n\n\n\n<br class=\"\u201cclear\u201d\">\n\n\n\n<figure class=\"wp-block-gallery has-nested-images columns-default is-cropped wp-block-gallery-1 is-layout-flex wp-block-gallery-is-layout-flex\">\n<figure class=\"wp-block-image size-large\"><a href=\"https:\/\/gender-planning.lva.tuwien.ac.at\/index.php\/femistische-raumaneignung-politische-interventionen-im-oeffentlichen-raum\/care-arbeit-sichtbar-machen\/\" target=\"_blank\" rel=\"noopener\"><img loading=\"lazy\" decoding=\"async\" width=\"1024\" height=\"1024\" data-id=\"817\" src=\"https:\/\/gender-planning.lva.tuwien.ac.at\/wp-content\/uploads\/2022\/05\/Teaser_carearbeit-1024x1024.png\" alt=\"\" class=\"wp-image-817\" srcset=\"https:\/\/gender-planning.lva.tuwien.ac.at\/wp-content\/uploads\/2022\/05\/Teaser_carearbeit-1024x1024.png 1024w, https:\/\/gender-planning.lva.tuwien.ac.at\/wp-content\/uploads\/2022\/05\/Teaser_carearbeit-300x300.png 300w, https:\/\/gender-planning.lva.tuwien.ac.at\/wp-content\/uploads\/2022\/05\/Teaser_carearbeit-150x150.png 150w, https:\/\/gender-planning.lva.tuwien.ac.at\/wp-content\/uploads\/2022\/05\/Teaser_carearbeit-768x768.png 768w, https:\/\/gender-planning.lva.tuwien.ac.at\/wp-content\/uploads\/2022\/05\/Teaser_carearbeit-1536x1536.png 1536w, https:\/\/gender-planning.lva.tuwien.ac.at\/wp-content\/uploads\/2022\/05\/Teaser_carearbeit-2048x2048.png 2048w\" sizes=\"auto, (max-width: 1024px) 100vw, 1024px\" \/><\/a><\/figure>\n\n\n\n<figure class=\"wp-block-image size-large\"><a href=\"https:\/\/gender-planning.lva.tuwien.ac.at\/index.php\/femistische-raumaneignung-politische-interventionen-im-oeffentlichen-raum\/ehrendoktorwuerde-leaky-pipeline-und-die-polizeitabsperrungsziehharmonika\/\" target=\"_blank\" rel=\"noopener\"><img loading=\"lazy\" decoding=\"async\" width=\"1024\" height=\"1024\" data-id=\"815\" src=\"https:\/\/gender-planning.lva.tuwien.ac.at\/wp-content\/uploads\/2022\/05\/Teaser_ehrendoktor-1024x1024.png\" alt=\"\" class=\"wp-image-815\" srcset=\"https:\/\/gender-planning.lva.tuwien.ac.at\/wp-content\/uploads\/2022\/05\/Teaser_ehrendoktor-1024x1024.png 1024w, https:\/\/gender-planning.lva.tuwien.ac.at\/wp-content\/uploads\/2022\/05\/Teaser_ehrendoktor-300x300.png 300w, https:\/\/gender-planning.lva.tuwien.ac.at\/wp-content\/uploads\/2022\/05\/Teaser_ehrendoktor-150x150.png 150w, https:\/\/gender-planning.lva.tuwien.ac.at\/wp-content\/uploads\/2022\/05\/Teaser_ehrendoktor-768x768.png 768w, https:\/\/gender-planning.lva.tuwien.ac.at\/wp-content\/uploads\/2022\/05\/Teaser_ehrendoktor-1536x1536.png 1536w, https:\/\/gender-planning.lva.tuwien.ac.at\/wp-content\/uploads\/2022\/05\/Teaser_ehrendoktor-2048x2048.png 2048w\" sizes=\"auto, (max-width: 1024px) 100vw, 1024px\" \/><\/a><\/figure>\n\n\n\n<figure class=\"wp-block-image size-large\"><a href=\"https:\/\/gender-planning.lva.tuwien.ac.at\/index.php\/femistische-raumaneignung-politische-interventionen-im-oeffentlichen-raum\/flintbar\/\" target=\"_blank\" rel=\"noopener\"><img loading=\"lazy\" decoding=\"async\" width=\"1024\" height=\"1024\" data-id=\"820\" src=\"https:\/\/gender-planning.lva.tuwien.ac.at\/wp-content\/uploads\/2022\/05\/Teaser_flintbar-1024x1024.png\" alt=\"\" class=\"wp-image-820\" srcset=\"https:\/\/gender-planning.lva.tuwien.ac.at\/wp-content\/uploads\/2022\/05\/Teaser_flintbar-1024x1024.png 1024w, https:\/\/gender-planning.lva.tuwien.ac.at\/wp-content\/uploads\/2022\/05\/Teaser_flintbar-300x300.png 300w, https:\/\/gender-planning.lva.tuwien.ac.at\/wp-content\/uploads\/2022\/05\/Teaser_flintbar-150x150.png 150w, https:\/\/gender-planning.lva.tuwien.ac.at\/wp-content\/uploads\/2022\/05\/Teaser_flintbar-768x768.png 768w, https:\/\/gender-planning.lva.tuwien.ac.at\/wp-content\/uploads\/2022\/05\/Teaser_flintbar-1536x1536.png 1536w, https:\/\/gender-planning.lva.tuwien.ac.at\/wp-content\/uploads\/2022\/05\/Teaser_flintbar-2048x2048.png 2048w\" sizes=\"auto, (max-width: 1024px) 100vw, 1024px\" \/><\/a><\/figure>\n\n\n\n<figure class=\"wp-block-image size-large\"><a href=\"https:\/\/gender-planning.lva.tuwien.ac.at\/index.php\/femistische-raumaneignung-politische-interventionen-im-oeffentlichen-raum\/kritische-maennlichkeit\/\" target=\"_blank\" rel=\"noopener\"><img loading=\"lazy\" decoding=\"async\" width=\"1024\" height=\"1024\" data-id=\"819\" src=\"https:\/\/gender-planning.lva.tuwien.ac.at\/wp-content\/uploads\/2022\/05\/Teaser_kritische_Maennlichkeit_Zeichenflaeche-1-01-1024x1024.png\" alt=\"\" class=\"wp-image-819\" srcset=\"https:\/\/gender-planning.lva.tuwien.ac.at\/wp-content\/uploads\/2022\/05\/Teaser_kritische_Maennlichkeit_Zeichenflaeche-1-01-1024x1024.png 1024w, https:\/\/gender-planning.lva.tuwien.ac.at\/wp-content\/uploads\/2022\/05\/Teaser_kritische_Maennlichkeit_Zeichenflaeche-1-01-300x300.png 300w, https:\/\/gender-planning.lva.tuwien.ac.at\/wp-content\/uploads\/2022\/05\/Teaser_kritische_Maennlichkeit_Zeichenflaeche-1-01-150x150.png 150w, https:\/\/gender-planning.lva.tuwien.ac.at\/wp-content\/uploads\/2022\/05\/Teaser_kritische_Maennlichkeit_Zeichenflaeche-1-01-768x768.png 768w, https:\/\/gender-planning.lva.tuwien.ac.at\/wp-content\/uploads\/2022\/05\/Teaser_kritische_Maennlichkeit_Zeichenflaeche-1-01-1536x1536.png 1536w, https:\/\/gender-planning.lva.tuwien.ac.at\/wp-content\/uploads\/2022\/05\/Teaser_kritische_Maennlichkeit_Zeichenflaeche-1-01-2048x2048.png 2048w\" sizes=\"auto, (max-width: 1024px) 100vw, 1024px\" \/><\/a><\/figure>\n\n\n\n<figure class=\"wp-block-image size-large\"><a href=\"https:\/\/gender-planning.lva.tuwien.ac.at\/index.php\/femistische-raumaneignung-politische-interventionen-im-oeffentlichen-raum\/toxische-schoenheitsideale\/\" target=\"_blank\" rel=\"noopener\"><img loading=\"lazy\" decoding=\"async\" width=\"1024\" height=\"1024\" data-id=\"816\" src=\"https:\/\/gender-planning.lva.tuwien.ac.at\/wp-content\/uploads\/2022\/05\/Teaser_toxische_schoenheit_Zeichenflaeche-1-03-1024x1024.png\" alt=\"\" class=\"wp-image-816\" srcset=\"https:\/\/gender-planning.lva.tuwien.ac.at\/wp-content\/uploads\/2022\/05\/Teaser_toxische_schoenheit_Zeichenflaeche-1-03-1024x1024.png 1024w, https:\/\/gender-planning.lva.tuwien.ac.at\/wp-content\/uploads\/2022\/05\/Teaser_toxische_schoenheit_Zeichenflaeche-1-03-300x300.png 300w, https:\/\/gender-planning.lva.tuwien.ac.at\/wp-content\/uploads\/2022\/05\/Teaser_toxische_schoenheit_Zeichenflaeche-1-03-150x150.png 150w, https:\/\/gender-planning.lva.tuwien.ac.at\/wp-content\/uploads\/2022\/05\/Teaser_toxische_schoenheit_Zeichenflaeche-1-03-768x768.png 768w, https:\/\/gender-planning.lva.tuwien.ac.at\/wp-content\/uploads\/2022\/05\/Teaser_toxische_schoenheit_Zeichenflaeche-1-03-1536x1536.png 1536w, https:\/\/gender-planning.lva.tuwien.ac.at\/wp-content\/uploads\/2022\/05\/Teaser_toxische_schoenheit_Zeichenflaeche-1-03-2048x2048.png 2048w\" sizes=\"auto, (max-width: 1024px) 100vw, 1024px\" \/><\/a><\/figure>\n\n\n\n<figure class=\"wp-block-image size-large\"><a href=\"https:\/\/gender-planning.lva.tuwien.ac.at\/index.php\/femistische-raumaneignung-politische-interventionen-im-oeffentlichen-raum\/tu-wien-gender-fair-teilung\/\" target=\"_blank\" rel=\"noreferrer noopener\"><img loading=\"lazy\" decoding=\"async\" width=\"1024\" height=\"1024\" data-id=\"874\" src=\"https:\/\/gender-planning.lva.tuwien.ac.at\/wp-content\/uploads\/2022\/05\/Teaser_TU-Gender-FairTeilung1-05-1024x1024.png\" alt=\"\" class=\"wp-image-874\" srcset=\"https:\/\/gender-planning.lva.tuwien.ac.at\/wp-content\/uploads\/2022\/05\/Teaser_TU-Gender-FairTeilung1-05-1024x1024.png 1024w, https:\/\/gender-planning.lva.tuwien.ac.at\/wp-content\/uploads\/2022\/05\/Teaser_TU-Gender-FairTeilung1-05-300x300.png 300w, https:\/\/gender-planning.lva.tuwien.ac.at\/wp-content\/uploads\/2022\/05\/Teaser_TU-Gender-FairTeilung1-05-150x150.png 150w, https:\/\/gender-planning.lva.tuwien.ac.at\/wp-content\/uploads\/2022\/05\/Teaser_TU-Gender-FairTeilung1-05-768x768.png 768w, https:\/\/gender-planning.lva.tuwien.ac.at\/wp-content\/uploads\/2022\/05\/Teaser_TU-Gender-FairTeilung1-05-1536x1536.png 1536w, https:\/\/gender-planning.lva.tuwien.ac.at\/wp-content\/uploads\/2022\/05\/Teaser_TU-Gender-FairTeilung1-05-2048x2048.png 2048w\" sizes=\"auto, (max-width: 1024px) 100vw, 1024px\" \/><\/a><\/figure>\n<\/figure>\n\n\n\n<h5 class=\"wp-block-heading\"><br>Interaktive \u00dcbersichtskarte zu den Interventionen<br>   <\/h5>\n\n\n<p><div class=\"leaflet-map WPLeafletMap\" style=\"height:600px; width:80%;\"><\/div><script>\nwindow.WPLeafletMapPlugin = window.WPLeafletMapPlugin || [];\nwindow.WPLeafletMapPlugin.push(function WPLeafletMapShortcode() {\/*<script>*\/\nvar baseUrl = atob('aHR0cHM6Ly97c30udGlsZS5vcGVuc3RyZWV0bWFwLm9yZy97en0ve3h9L3t5fS5wbmc=');\nvar base = (!baseUrl && window.MQ) ?\n    window.MQ.mapLayer() : L.tileLayer(baseUrl,\n        L.Util.extend({}, {\n            detectRetina: 1,\n        },\n        {\"subdomains\":\"abc\",\"noWrap\":false,\"maxZoom\":25}        )\n    );\n    var options = L.Util.extend({}, {\n        layers: [base],\n        attributionControl: false\n    },\n    {\"zoomControl\":true,\"scrollWheelZoom\":true,\"doubleClickZoom\":true,\"fitBounds\":false,\"minZoom\":1,\"maxZoom\":25,\"maxBounds\":null,\"attribution\":\"<a href=\\\"http:\\\/\\\/leafletjs.com\\\" title=\\\"Eine Javascript-Bibliothek f\\u00fcr interaktive Karten\\\">Leaflet<\\\/a>; \\u00a9 <a href=\\\"http:\\\/\\\/www.openstreetmap.org\\\/copyright\\\">OpenStreetMap<\\\/a> Mitwirkende\"},\n    {});\nwindow.WPLeafletMapPlugin.createMap(options).setView([48.19867,16.3706],18);});<\/script><br \/>\n<script>\nwindow.WPLeafletMapPlugin = window.WPLeafletMapPlugin || [];\nwindow.WPLeafletMapPlugin.push(function WPLeafletjsonShortcode() {\/*<script>*\/\nvar src = 'https:\/\/raw.githubusercontent.com\/MartinAufhauser\/GenderplanningWebsite\/master\/karte_feministische_raumaneignung.geojson';\nvar default_style = {\"color\":\"red\"};\nvar rewrite_keys = {\n    stroke : 'color',\n    'stroke-width' : 'weight',\n    'stroke-opacity' : 'opacity',\n    fill : 'fillColor',\n    'fill-opacity' : 'fillOpacity',\n};\n\/\/ htmlspecialchars converts & to \"&amp;\"; maybe unnecessarily, and maybe 3x\nvar ampersandRegex = \/&(?:amp;){1,3}\/g\nvar layer = L.ajaxGeoJson(src.replace(ampersandRegex, '&'), {\n    type: 'json',\n    style : layerStyle,\n    onEachFeature : onEachFeature,\n    pointToLayer: pointToLayer\n});\nvar fitbounds = 0;\nvar circleMarker = 0;\nvar popup_text = window.WPLeafletMapPlugin.unescape(\"&lt;a href=&quot;{link}&quot;&gt;{gruppenname}&lt;\/a&gt; &lt;br \/&gt; Startzeit {Startzeit}\");\nvar popup_property = \"\";\nvar table_view = 0;\nvar group = window.WPLeafletMapPlugin.getCurrentGroup();\nvar markerOptions = window.WPLeafletMapPlugin.getIconOptions({});\nlayer.addTo( group );\nwindow.WPLeafletMapPlugin.geojsons.push( layer );\nif (fitbounds) {\n    layer.on('ready', function () {\n        this.map.fitBounds( this.getBounds() );\n    });\n}\nfunction layerStyle (feature) {\n    var props = feature.properties || {};\n    var style = {};\n    function camelFun (_, first_letter) {\n        return first_letter.toUpperCase();\n    };\n    for (var key in props) {\n        if (key.match('-')) {\n            var camelcase = key.replace(\/-(\\w)\/, camelFun);\n            style[ camelcase ] = props[ key ];\n        }\n        \/\/ rewrite style keys from geojson.io\n        if (rewrite_keys[ key ]) {\n            style[ rewrite_keys[ key ] ] = props[ key ];\n        }\n    }\n    return L.Util.extend(style, default_style);\n}\nfunction onEachFeature (feature, layer) {\n    var props = feature.properties || {};\n    var text;\n    if (table_view) {\n        text = window.WPLeafletMapPlugin.propsToTable(props);\n    } else {\n        text = popup_property\n            ? props[ popup_property ]\n            : window.WPLeafletMapPlugin.template(\n                popup_text, \n                feature.properties\n            );\n    }\n    if (text) {\n        layer.bindPopup( text );\n    }\n}\n    function pointToLayer (feature, latlng) {\n    if (circleMarker) {\n        return L.circleMarker(latlng);\n    }\n    return L.marker(latlng, markerOptions);\n}});<\/script><\/p>\n\n\n\n<p><strong>Programm <\/strong><\/p>\n\n\n\n<div class=\"_df_book df-lite\" id=\"df_901\"  _slug=\"programm-whose-space\" data-title=\"programm-whose-space\" wpoptions=\"true\" thumbtype=\"\" ><\/div><script class=\"df-shortcode-script\" nowprocket type=\"application\/javascript\">window.option_df_901 = {\"outline\":[],\"autoEnableOutline\":\"false\",\"autoEnableThumbnail\":\"false\",\"overwritePDFOutline\":\"false\",\"direction\":\"1\",\"pageSize\":\"0\",\"source\":\"https:\\\/\\\/gender-planning.lva.tuwien.ac.at\\\/wp-content\\\/uploads\\\/2022\\\/06\\\/Plakat_Aktionstag_EntwurfQR.pdf\",\"wpOptions\":\"true\"}; if(window.DFLIP && window.DFLIP.parseBooks){window.DFLIP.parseBooks();}<\/script>\n\n\n\n<p><\/p>\n","protected":false},"excerpt":{"rendered":"<p>Der \u00f6ffentliche Raum ist von Macht, Herrschaftsverh\u00e4ltnissen und Normen durchzogenen. Die Lehrveranstaltung besch\u00e4ftigt sich mit feministischer Raumaneignung und sucht nach kreativen M\u00f6glichkeiten der Neuordnung. Die M\u00f6glichkeiten der selbstbestimmten Produktion eines feministischen, sozialen Raumes steht im Fokus. Die Studierenden sollen jeweils allein oder in Gruppen ein Projekt in Form einer Aktion, &hellip;<\/p>\n","protected":false},"author":4,"featured_media":0,"parent":0,"menu_order":0,"comment_status":"closed","ping_status":"closed","template":"","meta":{"footnotes":""},"class_list":["post-699","page","type-page","status-publish","hentry"],"yoast_head":"<!-- This site is optimized with the Yoast SEO plugin v27.5 - https:\/\/yoast.com\/product\/yoast-seo-wordpress\/ -->\n<title>Feministische Raumaneignung \u2013 Politische Interventionen im \u00f6ffentlichen Raum (2022S) - Gender Planning<\/title>\n<meta name=\"robots\" content=\"index, follow, max-snippet:-1, max-image-preview:large, max-video-preview:-1\" \/>\n<link rel=\"canonical\" href=\"https:\/\/gender-planning.lva.tuwien.ac.at\/index.php\/femistische-raumaneignung-politische-interventionen-im-oeffentlichen-raum\/\" \/>\n<meta property=\"og:locale\" content=\"de_DE\" \/>\n<meta property=\"og:type\" content=\"article\" \/>\n<meta property=\"og:title\" content=\"Feministische Raumaneignung \u2013 Politische Interventionen im \u00f6ffentlichen Raum (2022S) - Gender Planning\" \/>\n<meta property=\"og:description\" content=\"Der \u00f6ffentliche Raum ist von Macht, Herrschaftsverh\u00e4ltnissen und Normen durchzogenen. Die Lehrveranstaltung besch\u00e4ftigt sich mit feministischer Raumaneignung und sucht nach kreativen M\u00f6glichkeiten der Neuordnung. Die M\u00f6glichkeiten der selbstbestimmten Produktion eines feministischen, sozialen Raumes steht im Fokus. Die Studierenden sollen jeweils allein oder in Gruppen ein Projekt in Form einer Aktion, &hellip;\" \/>\n<meta property=\"og:url\" content=\"https:\/\/gender-planning.lva.tuwien.ac.at\/index.php\/femistische-raumaneignung-politische-interventionen-im-oeffentlichen-raum\/\" \/>\n<meta property=\"og:site_name\" content=\"Gender Planning\" \/>\n<meta property=\"article:modified_time\" content=\"2023-11-30T13:58:49+00:00\" \/>\n<meta property=\"og:image\" content=\"https:\/\/gender-planning.lva.tuwien.ac.at\/wp-content\/uploads\/2022\/05\/Teaser_carearbeit-1024x1024.png\" \/>\n<meta name=\"twitter:card\" content=\"summary_large_image\" \/>\n<meta name=\"twitter:label1\" content=\"Gesch\u00e4tzte Lesezeit\" \/>\n\t<meta name=\"twitter:data1\" content=\"3\u00a0Minuten\" \/>\n<script type=\"application\/ld+json\" class=\"yoast-schema-graph\">{\"@context\":\"https:\\\/\\\/schema.org\",\"@graph\":[{\"@type\":\"WebPage\",\"@id\":\"https:\\\/\\\/gender-planning.lva.tuwien.ac.at\\\/index.php\\\/femistische-raumaneignung-politische-interventionen-im-oeffentlichen-raum\\\/\",\"url\":\"https:\\\/\\\/gender-planning.lva.tuwien.ac.at\\\/index.php\\\/femistische-raumaneignung-politische-interventionen-im-oeffentlichen-raum\\\/\",\"name\":\"Feministische Raumaneignung \u2013 Politische Interventionen im \u00f6ffentlichen Raum (2022S) - Gender Planning\",\"isPartOf\":{\"@id\":\"https:\\\/\\\/gender-planning.lva.tuwien.ac.at\\\/#website\"},\"primaryImageOfPage\":{\"@id\":\"https:\\\/\\\/gender-planning.lva.tuwien.ac.at\\\/index.php\\\/femistische-raumaneignung-politische-interventionen-im-oeffentlichen-raum\\\/#primaryimage\"},\"image\":{\"@id\":\"https:\\\/\\\/gender-planning.lva.tuwien.ac.at\\\/index.php\\\/femistische-raumaneignung-politische-interventionen-im-oeffentlichen-raum\\\/#primaryimage\"},\"thumbnailUrl\":\"https:\\\/\\\/gender-planning.lva.tuwien.ac.at\\\/wp-content\\\/uploads\\\/2022\\\/05\\\/Teaser_carearbeit-1024x1024.png\",\"datePublished\":\"2022-05-24T12:01:24+00:00\",\"dateModified\":\"2023-11-30T13:58:49+00:00\",\"breadcrumb\":{\"@id\":\"https:\\\/\\\/gender-planning.lva.tuwien.ac.at\\\/index.php\\\/femistische-raumaneignung-politische-interventionen-im-oeffentlichen-raum\\\/#breadcrumb\"},\"inLanguage\":\"de\",\"potentialAction\":[{\"@type\":\"ReadAction\",\"target\":[\"https:\\\/\\\/gender-planning.lva.tuwien.ac.at\\\/index.php\\\/femistische-raumaneignung-politische-interventionen-im-oeffentlichen-raum\\\/\"]}]},{\"@type\":\"ImageObject\",\"inLanguage\":\"de\",\"@id\":\"https:\\\/\\\/gender-planning.lva.tuwien.ac.at\\\/index.php\\\/femistische-raumaneignung-politische-interventionen-im-oeffentlichen-raum\\\/#primaryimage\",\"url\":\"https:\\\/\\\/gender-planning.lva.tuwien.ac.at\\\/wp-content\\\/uploads\\\/2022\\\/05\\\/Teaser_carearbeit.png\",\"contentUrl\":\"https:\\\/\\\/gender-planning.lva.tuwien.ac.at\\\/wp-content\\\/uploads\\\/2022\\\/05\\\/Teaser_carearbeit.png\",\"width\":2364,\"height\":2363},{\"@type\":\"BreadcrumbList\",\"@id\":\"https:\\\/\\\/gender-planning.lva.tuwien.ac.at\\\/index.php\\\/femistische-raumaneignung-politische-interventionen-im-oeffentlichen-raum\\\/#breadcrumb\",\"itemListElement\":[{\"@type\":\"ListItem\",\"position\":1,\"name\":\"Startseite\",\"item\":\"https:\\\/\\\/gender-planning.lva.tuwien.ac.at\\\/\"},{\"@type\":\"ListItem\",\"position\":2,\"name\":\"Feministische Raumaneignung \u2013 Politische Interventionen im \u00f6ffentlichen Raum (2022S)\"}]},{\"@type\":\"WebSite\",\"@id\":\"https:\\\/\\\/gender-planning.lva.tuwien.ac.at\\\/#website\",\"url\":\"https:\\\/\\\/gender-planning.lva.tuwien.ac.at\\\/\",\"name\":\"Gender Planning\",\"description\":\"Gender Planning\",\"potentialAction\":[{\"@type\":\"SearchAction\",\"target\":{\"@type\":\"EntryPoint\",\"urlTemplate\":\"https:\\\/\\\/gender-planning.lva.tuwien.ac.at\\\/?s={search_term_string}\"},\"query-input\":{\"@type\":\"PropertyValueSpecification\",\"valueRequired\":true,\"valueName\":\"search_term_string\"}}],\"inLanguage\":\"de\"}]}<\/script>\n<!-- \/ Yoast SEO plugin. -->","yoast_head_json":{"title":"Feministische Raumaneignung \u2013 Politische Interventionen im \u00f6ffentlichen Raum (2022S) - Gender Planning","robots":{"index":"index","follow":"follow","max-snippet":"max-snippet:-1","max-image-preview":"max-image-preview:large","max-video-preview":"max-video-preview:-1"},"canonical":"https:\/\/gender-planning.lva.tuwien.ac.at\/index.php\/femistische-raumaneignung-politische-interventionen-im-oeffentlichen-raum\/","og_locale":"de_DE","og_type":"article","og_title":"Feministische Raumaneignung \u2013 Politische Interventionen im \u00f6ffentlichen Raum (2022S) - Gender Planning","og_description":"Der \u00f6ffentliche Raum ist von Macht, Herrschaftsverh\u00e4ltnissen und Normen durchzogenen. Die Lehrveranstaltung besch\u00e4ftigt sich mit feministischer Raumaneignung und sucht nach kreativen M\u00f6glichkeiten der Neuordnung. Die M\u00f6glichkeiten der selbstbestimmten Produktion eines feministischen, sozialen Raumes steht im Fokus. Die Studierenden sollen jeweils allein oder in Gruppen ein Projekt in Form einer Aktion, &hellip;","og_url":"https:\/\/gender-planning.lva.tuwien.ac.at\/index.php\/femistische-raumaneignung-politische-interventionen-im-oeffentlichen-raum\/","og_site_name":"Gender Planning","article_modified_time":"2023-11-30T13:58:49+00:00","og_image":[{"url":"https:\/\/gender-planning.lva.tuwien.ac.at\/wp-content\/uploads\/2022\/05\/Teaser_carearbeit-1024x1024.png","type":"","width":"","height":""}],"twitter_card":"summary_large_image","twitter_misc":{"Gesch\u00e4tzte Lesezeit":"3\u00a0Minuten"},"schema":{"@context":"https:\/\/schema.org","@graph":[{"@type":"WebPage","@id":"https:\/\/gender-planning.lva.tuwien.ac.at\/index.php\/femistische-raumaneignung-politische-interventionen-im-oeffentlichen-raum\/","url":"https:\/\/gender-planning.lva.tuwien.ac.at\/index.php\/femistische-raumaneignung-politische-interventionen-im-oeffentlichen-raum\/","name":"Feministische Raumaneignung \u2013 Politische Interventionen im \u00f6ffentlichen Raum (2022S) - Gender Planning","isPartOf":{"@id":"https:\/\/gender-planning.lva.tuwien.ac.at\/#website"},"primaryImageOfPage":{"@id":"https:\/\/gender-planning.lva.tuwien.ac.at\/index.php\/femistische-raumaneignung-politische-interventionen-im-oeffentlichen-raum\/#primaryimage"},"image":{"@id":"https:\/\/gender-planning.lva.tuwien.ac.at\/index.php\/femistische-raumaneignung-politische-interventionen-im-oeffentlichen-raum\/#primaryimage"},"thumbnailUrl":"https:\/\/gender-planning.lva.tuwien.ac.at\/wp-content\/uploads\/2022\/05\/Teaser_carearbeit-1024x1024.png","datePublished":"2022-05-24T12:01:24+00:00","dateModified":"2023-11-30T13:58:49+00:00","breadcrumb":{"@id":"https:\/\/gender-planning.lva.tuwien.ac.at\/index.php\/femistische-raumaneignung-politische-interventionen-im-oeffentlichen-raum\/#breadcrumb"},"inLanguage":"de","potentialAction":[{"@type":"ReadAction","target":["https:\/\/gender-planning.lva.tuwien.ac.at\/index.php\/femistische-raumaneignung-politische-interventionen-im-oeffentlichen-raum\/"]}]},{"@type":"ImageObject","inLanguage":"de","@id":"https:\/\/gender-planning.lva.tuwien.ac.at\/index.php\/femistische-raumaneignung-politische-interventionen-im-oeffentlichen-raum\/#primaryimage","url":"https:\/\/gender-planning.lva.tuwien.ac.at\/wp-content\/uploads\/2022\/05\/Teaser_carearbeit.png","contentUrl":"https:\/\/gender-planning.lva.tuwien.ac.at\/wp-content\/uploads\/2022\/05\/Teaser_carearbeit.png","width":2364,"height":2363},{"@type":"BreadcrumbList","@id":"https:\/\/gender-planning.lva.tuwien.ac.at\/index.php\/femistische-raumaneignung-politische-interventionen-im-oeffentlichen-raum\/#breadcrumb","itemListElement":[{"@type":"ListItem","position":1,"name":"Startseite","item":"https:\/\/gender-planning.lva.tuwien.ac.at\/"},{"@type":"ListItem","position":2,"name":"Feministische Raumaneignung \u2013 Politische Interventionen im \u00f6ffentlichen Raum (2022S)"}]},{"@type":"WebSite","@id":"https:\/\/gender-planning.lva.tuwien.ac.at\/#website","url":"https:\/\/gender-planning.lva.tuwien.ac.at\/","name":"Gender Planning","description":"Gender Planning","potentialAction":[{"@type":"SearchAction","target":{"@type":"EntryPoint","urlTemplate":"https:\/\/gender-planning.lva.tuwien.ac.at\/?s={search_term_string}"},"query-input":{"@type":"PropertyValueSpecification","valueRequired":true,"valueName":"search_term_string"}}],"inLanguage":"de"}]}},"_links":{"self":[{"href":"https:\/\/gender-planning.lva.tuwien.ac.at\/index.php\/wp-json\/wp\/v2\/pages\/699","targetHints":{"allow":["GET"]}}],"collection":[{"href":"https:\/\/gender-planning.lva.tuwien.ac.at\/index.php\/wp-json\/wp\/v2\/pages"}],"about":[{"href":"https:\/\/gender-planning.lva.tuwien.ac.at\/index.php\/wp-json\/wp\/v2\/types\/page"}],"author":[{"embeddable":true,"href":"https:\/\/gender-planning.lva.tuwien.ac.at\/index.php\/wp-json\/wp\/v2\/users\/4"}],"replies":[{"embeddable":true,"href":"https:\/\/gender-planning.lva.tuwien.ac.at\/index.php\/wp-json\/wp\/v2\/comments?post=699"}],"version-history":[{"count":76,"href":"https:\/\/gender-planning.lva.tuwien.ac.at\/index.php\/wp-json\/wp\/v2\/pages\/699\/revisions"}],"predecessor-version":[{"id":1189,"href":"https:\/\/gender-planning.lva.tuwien.ac.at\/index.php\/wp-json\/wp\/v2\/pages\/699\/revisions\/1189"}],"wp:attachment":[{"href":"https:\/\/gender-planning.lva.tuwien.ac.at\/index.php\/wp-json\/wp\/v2\/media?parent=699"}],"curies":[{"name":"wp","href":"https:\/\/api.w.org\/{rel}","templated":true}]}}